{"id":1732,"date":"2026-07-17T20:28:11","date_gmt":"2026-07-17T20:28:11","guid":{"rendered":"https:\/\/lagranjaecohotel.creativo1.xyz\/?page_id=1732"},"modified":"2026-08-22T15:51:27","modified_gmt":"2026-08-22T15:51:27","slug":"parque-del-cafe","status":"publish","type":"page","link":"https:\/\/lagranjaecohotel.creativo1.xyz\/en\/parque-del-cafe\/","title":{"rendered":"Parque del Caf\u00e9"},"content":{"rendered":"<div data-elementor-type=\"wp-page\" data-elementor-id=\"1732\" class=\"elementor elementor-1732\" data-elementor-post-type=\"page\">\n\t\t\t\t<div class=\"elementor-element elementor-element-3655dcd e-con-full e-flex e-con e-parent\" data-id=\"3655dcd\" data-element_type=\"container\" data-e-type=\"container\">\n\t\t<div class=\"elementor-element elementor-element-247ae88 e-con-full e-flex e-con e-child\" data-id=\"247ae88\" data-element_type=\"container\" data-e-type=\"container\">\n\t\t<div class=\"elementor-element elementor-element-c6fa312 e-con-full e-flex e-con e-child\" data-id=\"c6fa312\" data-element_type=\"container\" data-e-type=\"container\">\n\t\t<div class=\"elementor-element elementor-element-e916107 e-con-full e-flex e-con e-child\" data-id=\"e916107\" data-element_type=\"container\" data-e-type=\"container\">\n\t\t\t\t<div class=\"elementor-element elementor-element-db494bf elementor--h-position-center elementor--v-position-middle elementor-arrows-position-inside elementor-pagination-position-inside elementor-widget elementor-widget-slides\" data-id=\"db494bf\" data-element_type=\"widget\" data-e-type=\"widget\" data-settings=\"{&quot;navigation&quot;:&quot;both&quot;,&quot;autoplay&quot;:&quot;yes&quot;,&quot;pause_on_hover&quot;:&quot;yes&quot;,&quot;pause_on_interaction&quot;:&quot;yes&quot;,&quot;autoplay_speed&quot;:5000,&quot;infinite&quot;:&quot;yes&quot;,&quot;transition&quot;:&quot;slide&quot;,&quot;transition_speed&quot;:500}\" data-widget_type=\"slides.default\">\n\t\t\t\t\t\t\t\t\t\t<div class=\"elementor-slides-wrapper elementor-main-swiper swiper\" role=\"region\" aria-roledescription=\"carousel\" aria-label=\"Slides\" dir=\"ltr\" data-animation=\"fadeInUp\">\n\t\t\t\t<div class=\"swiper-wrapper elementor-slides\">\n\t\t\t\t\t\t\t\t\t\t<div class=\"elementor-repeater-item-9d871a5 swiper-slide\" role=\"group\" aria-roledescription=\"slide\"><div class=\"swiper-slide-bg elementor-ken-burns elementor-ken-burns--in\" role=\"img\"><\/div><div class=\"elementor-background-overlay\"><\/div><div class=\"swiper-slide-inner\" ><div class=\"swiper-slide-contents\"><\/div><\/div><\/div>\t\t\t\t<\/div>\n\t\t\t\t\t\t\t<\/div>\n\t\t\t\t\t\t\t\t<\/div>\n\t\t\t\t<\/div>\n\t\t\t\t<\/div>\n\t\t\t\t<\/div>\n\t\t\t\t<\/div>\n\t\t<div class=\"elementor-element elementor-element-569e38a6 e-con e-atomic-element e-flexbox-base e-569e38a6-1084ca3\" data-id=\"569e38a6\" data-element_type=\"e-flexbox\" data-e-type=\"e-flexbox\" data-interaction-id=\"569e38a6\">\n    <div class=\"elementor-element elementor-element-70870092 e-con e-atomic-element e-flexbox-base e-70870092-6bd3fc1\" data-id=\"70870092\" data-element_type=\"e-flexbox\" data-e-type=\"e-flexbox\" data-interaction-id=\"70870092\">\n    \t\t<div class=\"elementor-element elementor-element-25a4c000 elementor-widget elementor-widget-heading\" data-id=\"25a4c000\" data-element_type=\"widget\" data-e-type=\"widget\" data-widget_type=\"heading.default\">\n\t\t\t\t\t<h2 class=\"elementor-heading-title elementor-size-default\">Parque del Caf\u00e9<\/h2>\t\t\t\t<\/div>\n\t\t\t\t<div class=\"elementor-element elementor-element-cfc7595 elementor-widget elementor-widget-heading\" data-id=\"cfc7595\" data-element_type=\"widget\" data-e-type=\"widget\" data-widget_type=\"heading.default\">\n\t\t\t\t\t<h2 class=\"elementor-heading-title elementor-size-default\">Diversi\u00f3n, cultura ytradici\u00f3n<\/h2>\t\t\t\t<\/div>\n\t\t\t\t<div class=\"elementor-element elementor-element-acc19d9 elementor-widget elementor-widget-text-editor\" data-id=\"acc19d9\" data-element_type=\"widget\" data-e-type=\"widget\" data-widget_type=\"text-editor.default\">\n\t\t\t\t\t\t\t\t\t<p class=\"translation-block\">Parque del Caf\u00e9 (Coffee Park) is one of Colombia's main tourist attractions, combining the excitement of amusement park rides with the richness of coffee culture.<\/p><p><span style=\"font-weight: 400;\"> Surrounded by beautiful landscapes, this theme park offers experiences for the whole family, cultural shows, nature trails, cable cars, and a wide variety of attractions for all ages.<\/span><\/p>\t\t\t\t\t\t\t\t<\/div>\n\t\t\t\t<div class=\"elementor-element elementor-element-71d360e1 elementor-align-left elementor-widget elementor-widget-button\" data-id=\"71d360e1\" data-element_type=\"widget\" data-e-type=\"widget\" data-widget_type=\"button.default\">\n\t\t\t\t\t\t\t\t\t\t<a class=\"elementor-button elementor-button-link elementor-size-sm elementor-animation-float\" href=\"https:\/\/wa.link\/33hx2t\">\n\t\t\t\t\t\t<span class=\"elementor-button-content-wrapper\">\n\t\t\t\t\t\t<span class=\"elementor-button-icon\">\n\t\t\t\t<i aria-hidden=\"true\" class=\"fab fa-whatsapp\"><\/i>\t\t\t<\/span>\n\t\t\t\t\t\t\t\t\t<span class=\"elementor-button-text\">Book via WhatsApp<\/span>\n\t\t\t\t\t<\/span>\n\t\t\t\t\t<\/a>\n\t\t\t\t\t\t\t\t<\/div>\n\t\t\n<\/div>\n<div class=\"elementor-element elementor-element-139356f2 e-con e-atomic-element e-flexbox-base e-139356f2-38f98dc\" data-id=\"139356f2\" data-element_type=\"e-flexbox\" data-e-type=\"e-flexbox\" data-interaction-id=\"139356f2\">\n    \t\t<div class=\"elementor-element elementor-element-7d270541 elementor-widget elementor-widget-image\" data-id=\"7d270541\" data-element_type=\"widget\" data-e-type=\"widget\" data-widget_type=\"image.default\">\n\t\t\t\t\t\t\t\t\t\t\t\t\t\t\t<img fetchpriority=\"high\" decoding=\"async\" width=\"731\" height=\"885\" src=\"https:\/\/lagranjaecohotel.creativo1.xyz\/wp-content\/uploads\/2026\/07\/parquedelcafe-19.jpg\" class=\"attachment-large size-large wp-image-1918\" alt=\"\" srcset=\"https:\/\/lagranjaecohotel.creativo1.xyz\/wp-content\/uploads\/2026\/07\/parquedelcafe-19.jpg 731w, https:\/\/lagranjaecohotel.creativo1.xyz\/wp-content\/uploads\/2026\/07\/parquedelcafe-19-248x300.jpg 248w, https:\/\/lagranjaecohotel.creativo1.xyz\/wp-content\/uploads\/2026\/07\/parquedelcafe-19-600x726.jpg 600w\" sizes=\"(max-width: 731px) 100vw, 731px\" \/>\t\t\t\t\t\t\t\t\t\t\t\t\t\t\t<\/div>\n\t\t\n<\/div>\n\n<\/div>\n<div class=\"elementor-element elementor-element-3bbd722f e-con e-atomic-element e-flexbox-base e-3bbd722f-2d70f0d\" data-id=\"3bbd722f\" data-element_type=\"e-flexbox\" data-e-type=\"e-flexbox\" data-interaction-id=\"3bbd722f\">\n    <div class=\"elementor-element elementor-element-2976dfae e-con e-atomic-element e-flexbox-base e-2976dfae-4f22861\" data-id=\"2976dfae\" data-element_type=\"e-flexbox\" data-e-type=\"e-flexbox\" data-interaction-id=\"2976dfae\">\n    \t\t<div class=\"elementor-element elementor-element-2c217180 elementor-widget elementor-widget-image\" data-id=\"2c217180\" data-element_type=\"widget\" data-e-type=\"widget\" data-widget_type=\"image.default\">\n\t\t\t\t\t\t\t\t\t\t\t\t\t\t\t<img decoding=\"async\" width=\"731\" height=\"885\" src=\"https:\/\/lagranjaecohotel.creativo1.xyz\/wp-content\/uploads\/2026\/07\/parquedelcafe-15.jpg\" class=\"attachment-large size-large wp-image-1919\" alt=\"\" srcset=\"https:\/\/lagranjaecohotel.creativo1.xyz\/wp-content\/uploads\/2026\/07\/parquedelcafe-15.jpg 731w, https:\/\/lagranjaecohotel.creativo1.xyz\/wp-content\/uploads\/2026\/07\/parquedelcafe-15-248x300.jpg 248w, https:\/\/lagranjaecohotel.creativo1.xyz\/wp-content\/uploads\/2026\/07\/parquedelcafe-15-600x726.jpg 600w\" sizes=\"(max-width: 731px) 100vw, 731px\" \/>\t\t\t\t\t\t\t\t\t\t\t\t\t\t\t<\/div>\n\t\t\n<\/div>\n<div class=\"elementor-element elementor-element-50f958dc e-con e-atomic-element e-flexbox-base e-50f958dc-d346e72\" data-id=\"50f958dc\" data-element_type=\"e-flexbox\" data-e-type=\"e-flexbox\" data-interaction-id=\"50f958dc\">\n    \t\t<div class=\"elementor-element elementor-element-1895787e elementor-widget elementor-widget-text-editor\" data-id=\"1895787e\" data-element_type=\"widget\" data-e-type=\"widget\" data-widget_type=\"text-editor.default\">\n\t\t\t\t\t\t\t\t\t<p><span style=\"font-weight: 400;\">In addition to the fun, visitors can learn about the history of coffee, regional traditions, and enjoy a natural setting that highlights the beauty of the Coffee Cultural Landscape. <\/span><\/p><p><span style=\"font-weight: 400;\">A visit to Parque del Caf\u00e9 is an unforgettable experience that combines adventure, entertainment, and the pride of Colombian coffee culture.<\/span><\/p>\t\t\t\t\t\t\t\t<\/div>\n\t\t\t\t<div class=\"elementor-element elementor-element-7e78e5a4 elementor-widget elementor-widget-heading\" data-id=\"7e78e5a4\" data-element_type=\"widget\" data-e-type=\"widget\" data-widget_type=\"heading.default\">\n\t\t\t\t\t<h2 class=\"elementor-heading-title elementor-size-default\">Dare to experience something truly unique.\n<br>Book now!<\/h2>\t\t\t\t<\/div>\n\t\t\t\t<div class=\"elementor-element elementor-element-1008b89c elementor-align-left elementor-widget elementor-widget-button\" data-id=\"1008b89c\" data-element_type=\"widget\" data-e-type=\"widget\" data-widget_type=\"button.default\">\n\t\t\t\t\t\t\t\t\t\t<a class=\"elementor-button elementor-button-link elementor-size-sm elementor-animation-float\" href=\"https:\/\/wa.link\/33hx2t\">\n\t\t\t\t\t\t<span class=\"elementor-button-content-wrapper\">\n\t\t\t\t\t\t<span class=\"elementor-button-icon\">\n\t\t\t\t<i aria-hidden=\"true\" class=\"fab fa-whatsapp\"><\/i>\t\t\t<\/span>\n\t\t\t\t\t\t\t\t\t<span class=\"elementor-button-text\">Book via WhatsApp<\/span>\n\t\t\t\t\t<\/span>\n\t\t\t\t\t<\/a>\n\t\t\t\t\t\t\t\t<\/div>\n\t\t\n<\/div>\n<div class=\"elementor-element elementor-element-74e5f3a1 e-con e-atomic-element e-flexbox-base e-74e5f3a1-93d5407\" data-id=\"74e5f3a1\" data-element_type=\"e-flexbox\" data-e-type=\"e-flexbox\" data-interaction-id=\"74e5f3a1\">\n    \t\t<div class=\"elementor-element elementor-element-42a38736 elementor-widget elementor-widget-image\" data-id=\"42a38736\" data-element_type=\"widget\" data-e-type=\"widget\" data-widget_type=\"image.default\">\n\t\t\t\t\t\t\t\t\t\t\t\t\t\t\t<img decoding=\"async\" width=\"731\" height=\"885\" src=\"https:\/\/lagranjaecohotel.creativo1.xyz\/wp-content\/uploads\/2026\/07\/parquedelcafe-20.jpg\" class=\"attachment-large size-large wp-image-1920\" alt=\"\" srcset=\"https:\/\/lagranjaecohotel.creativo1.xyz\/wp-content\/uploads\/2026\/07\/parquedelcafe-20.jpg 731w, https:\/\/lagranjaecohotel.creativo1.xyz\/wp-content\/uploads\/2026\/07\/parquedelcafe-20-248x300.jpg 248w, https:\/\/lagranjaecohotel.creativo1.xyz\/wp-content\/uploads\/2026\/07\/parquedelcafe-20-600x726.jpg 600w\" sizes=\"(max-width: 731px) 100vw, 731px\" \/>\t\t\t\t\t\t\t\t\t\t\t\t\t\t\t<\/div>\n\t\t\n<\/div>\n\n<\/div>\n<div class=\"elementor-element elementor-element-7ca4777 e-flex e-con-boxed e-con e-parent\" data-id=\"7ca4777\" data-element_type=\"container\" data-e-type=\"container\">\n\t\t\t\t\t<div class=\"e-con-inner\">\n\t\t\t\t<div class=\"elementor-element elementor-element-e562021 elementor-widget elementor-widget-heading\" data-id=\"e562021\" data-element_type=\"widget\" data-e-type=\"widget\" data-widget_type=\"heading.default\">\n\t\t\t\t\t<h2 class=\"elementor-heading-title elementor-size-default\">Gallery<\/h2>\t\t\t\t<\/div>\n\t\t\t\t<div class=\"elementor-element elementor-element-8be1130 elementor-arrows-position-inside elementor-pagination-position-outside elementor-widget elementor-widget-image-carousel\" data-id=\"8be1130\" data-element_type=\"widget\" data-e-type=\"widget\" data-settings=\"{&quot;slides_to_show&quot;:&quot;3&quot;,&quot;slides_to_scroll&quot;:&quot;2&quot;,&quot;navigation&quot;:&quot;both&quot;,&quot;autoplay&quot;:&quot;yes&quot;,&quot;pause_on_hover&quot;:&quot;yes&quot;,&quot;pause_on_interaction&quot;:&quot;yes&quot;,&quot;autoplay_speed&quot;:5000,&quot;infinite&quot;:&quot;yes&quot;,&quot;speed&quot;:500,&quot;image_spacing_custom&quot;:{&quot;unit&quot;:&quot;px&quot;,&quot;size&quot;:20,&quot;sizes&quot;:[]},&quot;image_spacing_custom_tablet&quot;:{&quot;unit&quot;:&quot;px&quot;,&quot;size&quot;:&quot;&quot;,&quot;sizes&quot;:[]},&quot;image_spacing_custom_mobile&quot;:{&quot;unit&quot;:&quot;px&quot;,&quot;size&quot;:&quot;&quot;,&quot;sizes&quot;:[]}}\" data-widget_type=\"image-carousel.default\">\n\t\t\t\t\t\t\t<div class=\"elementor-image-carousel-wrapper swiper\" role=\"region\" aria-roledescription=\"carousel\" aria-label=\"Image carousel\" dir=\"ltr\">\n\t\t\t<div class=\"elementor-image-carousel swiper-wrapper\" aria-live=\"off\">\n\t\t\t\t\t\t\t\t<div class=\"swiper-slide\" role=\"group\" aria-roledescription=\"slide\" aria-label=\"1 de 5\"><figure class=\"swiper-slide-inner\"><img decoding=\"async\" class=\"swiper-slide-image\" src=\"https:\/\/lagranjaecohotel.creativo1.xyz\/wp-content\/uploads\/2026\/07\/parquedelcafe-14.jpg\" alt=\"parquedelcafe-14\" \/><\/figure><\/div><div class=\"swiper-slide\" role=\"group\" aria-roledescription=\"slide\" aria-label=\"2 de 5\"><figure class=\"swiper-slide-inner\"><img decoding=\"async\" class=\"swiper-slide-image\" src=\"https:\/\/lagranjaecohotel.creativo1.xyz\/wp-content\/uploads\/2026\/07\/parquedelcafe-16.jpg\" alt=\"parquedelcafe-16\" \/><\/figure><\/div><div class=\"swiper-slide\" role=\"group\" aria-roledescription=\"slide\" aria-label=\"3 de 5\"><figure class=\"swiper-slide-inner\"><img decoding=\"async\" class=\"swiper-slide-image\" src=\"https:\/\/lagranjaecohotel.creativo1.xyz\/wp-content\/uploads\/2026\/07\/parquedelcafe-17.jpg\" alt=\"parquedelcafe-17\" \/><\/figure><\/div><div class=\"swiper-slide\" role=\"group\" aria-roledescription=\"slide\" aria-label=\"4 de 5\"><figure class=\"swiper-slide-inner\"><img decoding=\"async\" class=\"swiper-slide-image\" src=\"https:\/\/lagranjaecohotel.creativo1.xyz\/wp-content\/uploads\/2026\/07\/parquedelcafe-21.jpg\" alt=\"parquedelcafe-21\" \/><\/figure><\/div><div class=\"swiper-slide\" role=\"group\" aria-roledescription=\"slide\" aria-label=\"5 de 5\"><figure class=\"swiper-slide-inner\"><img decoding=\"async\" class=\"swiper-slide-image\" src=\"https:\/\/lagranjaecohotel.creativo1.xyz\/wp-content\/uploads\/2026\/07\/parquedelcafe-22.jpg\" alt=\"parquedelcafe-22\" \/><\/figure><\/div>\t\t\t<\/div>\n\t\t\t\t\t\t\t\t\t\t\t\t<div class=\"elementor-swiper-button elementor-swiper-button-prev\" role=\"button\" tabindex=\"0\">\n\t\t\t\t\t\t<i aria-hidden=\"true\" class=\"eicon-chevron-left\"><\/i>\t\t\t\t\t<\/div>\n\t\t\t\t\t<div class=\"elementor-swiper-button elementor-swiper-button-next\" role=\"button\" tabindex=\"0\">\n\t\t\t\t\t\t<i aria-hidden=\"true\" class=\"eicon-chevron-right\"><\/i>\t\t\t\t\t<\/div>\n\t\t\t\t\n\t\t\t\t\t\t\t\t\t<div class=\"swiper-pagination\"><\/div>\n\t\t\t\t\t\t\t\t\t<\/div>\n\t\t\t\t\t\t<\/div>\n\t\t\t\t\t<\/div>\n\t\t\t\t<\/div>\n\t\t\t\t<\/div>","protected":false},"excerpt":{"rendered":"<p>Parque del Caf\u00e9 Diversi\u00f3n, cultura ytradici\u00f3n El Parque del Caf\u00e9 es uno de los principales atractivos tur\u00edsticos de Colombia, donde [&hellip;]<\/p>\n","protected":false},"author":1,"featured_media":0,"parent":0,"menu_order":0,"comment_status":"closed","ping_status":"closed","template":"","meta":{"site-sidebar-layout":"no-sidebar","site-content-layout":"","ast-site-content-layout":"full-width-container","site-content-style":"default","site-sidebar-style":"default","ast-global-header-display":"","ast-banner-title-visibility":"","ast-main-header-display":"","ast-hfb-above-header-display":"","ast-hfb-below-header-display":"","ast-hfb-mobile-header-display":"","site-post-title":"","ast-breadcrumbs-content":"","ast-featured-img":"disabled","footer-sml-layout":"","ast-disable-related-posts":"","theme-transparent-header-meta":"","adv-header-id-meta":"","stick-header-meta":"","header-above-stick-meta":"","header-main-stick-meta":"","header-below-stick-meta":"","astra-migrate-meta-layouts":"default","ast-page-background-enabled":"default","ast-page-background-meta":{"desktop":{"background-color":"var(--ast-global-color-5)","background-image":"","background-repeat":"repeat","background-position":"center center","background-size":"auto","background-attachment":"scroll","background-type":"","background-media":"","overlay-type":"","overlay-color":"","overlay-opacity":"","overlay-gradient":""},"tablet":{"background-color":"","background-image":"","background-repeat":"repeat","background-position":"center center","background-size":"auto","background-attachment":"scroll","background-type":"","background-media":"","overlay-type":"","overlay-color":"","overlay-opacity":"","overlay-gradient":""},"mobile":{"background-color":"","background-image":"","background-repeat":"repeat","background-position":"center center","background-size":"auto","background-attachment":"scroll","background-type":"","background-media":"","overlay-type":"","overlay-color":"","overlay-opacity":"","overlay-gradient":""}},"ast-content-background-meta":{"desktop":{"background-color":"var(--ast-global-color-4)","background-image":"","background-repeat":"repeat","background-position":"center center","background-size":"auto","background-attachment":"scroll","background-type":"","background-media":"","overlay-type":"","overlay-color":"","overlay-opacity":"","overlay-gradient":""},"tablet":{"background-color":"var(--ast-global-color-4)","background-image":"","background-repeat":"repeat","background-position":"center center","background-size":"auto","background-attachment":"scroll","background-type":"","background-media":"","overlay-type":"","overlay-color":"","overlay-opacity":"","overlay-gradient":""},"mobile":{"background-color":"var(--ast-global-color-4)","background-image":"","background-repeat":"repeat","background-position":"center center","background-size":"auto","background-attachment":"scroll","background-type":"","background-media":"","overlay-type":"","overlay-color":"","overlay-opacity":"","overlay-gradient":""}},"footnotes":""},"class_list":["post-1732","page","type-page","status-publish","hentry"],"yoast_head":"<!-- This site is optimized with the Yoast SEO plugin v28.3 - https:\/\/yoast.com\/product\/yoast-seo-wordpress\/ -->\n<title>Parque del Caf\u00e9 - La Granja Ecohotel<\/title>\n<meta name=\"description\" content=\"Atracciones, espect\u00e1culos culturales y tradici\u00f3n cafetera en uno de los parques tem\u00e1ticos m\u00e1s importantes de Colombia.\" \/>\n<meta name=\"robots\" content=\"index, follow, max-snippet:-1, max-image-preview:large, max-video-preview:-1\" \/>\n<link rel=\"canonical\" href=\"https:\/\/lagranjaecohotel.creativo1.xyz\/en\/parque-del-cafe\/\" \/>\n<meta property=\"og:locale\" content=\"en_US\" \/>\n<meta property=\"og:type\" content=\"article\" \/>\n<meta property=\"og:title\" content=\"Parque del Caf\u00e9 - La Granja Ecohotel\" \/>\n<meta property=\"og:description\" content=\"Atracciones, espect\u00e1culos culturales y tradici\u00f3n cafetera en uno de los parques tem\u00e1ticos m\u00e1s importantes de Colombia.\" \/>\n<meta property=\"og:url\" content=\"https:\/\/lagranjaecohotel.creativo1.xyz\/en\/parque-del-cafe\/\" \/>\n<meta property=\"og:site_name\" content=\"La Granja Ecohotel\" \/>\n<meta property=\"article:publisher\" content=\"https:\/\/www.facebook.com\/profile.php?id=61574505136323\" \/>\n<meta property=\"article:modified_time\" content=\"2026-08-22T15:51:27+00:00\" \/>\n<meta property=\"og:image\" content=\"https:\/\/lagranjaecohotel.creativo1.xyz\/wp-content\/uploads\/2026\/07\/parquedelcafe-19.jpg\" \/>\n\t<meta property=\"og:image:width\" content=\"731\" \/>\n\t<meta property=\"og:image:height\" content=\"885\" \/>\n\t<meta property=\"og:image:type\" content=\"image\/jpeg\" \/>\n<meta name=\"twitter:card\" content=\"summary_large_image\" \/>\n<meta name=\"twitter:label1\" content=\"Est. reading time\" \/>\n\t<meta name=\"twitter:data1\" content=\"3 minutes\" \/>\n<script type=\"application\/ld+json\" class=\"yoast-schema-graph\">{\"@context\":\"https:\\\/\\\/schema.org\",\"@graph\":[{\"@type\":\"WebPage\",\"@id\":\"https:\\\/\\\/lagranjaecohotel.creativo1.xyz\\\/parque-del-cafe\\\/\",\"url\":\"https:\\\/\\\/lagranjaecohotel.creativo1.xyz\\\/parque-del-cafe\\\/\",\"name\":\"Parque del Caf\u00e9 - La Granja Ecohotel\",\"isPartOf\":{\"@id\":\"https:\\\/\\\/lagranjaecohotel.creativo1.xyz\\\/#website\"},\"primaryImageOfPage\":{\"@id\":\"https:\\\/\\\/lagranjaecohotel.creativo1.xyz\\\/parque-del-cafe\\\/#primaryimage\"},\"image\":{\"@id\":\"https:\\\/\\\/lagranjaecohotel.creativo1.xyz\\\/parque-del-cafe\\\/#primaryimage\"},\"thumbnailUrl\":\"https:\\\/\\\/lagranjaecohotel.creativo1.xyz\\\/wp-content\\\/uploads\\\/2026\\\/07\\\/parquedelcafe-19.jpg\",\"datePublished\":\"2026-07-17T20:28:11+00:00\",\"dateModified\":\"2026-08-22T15:51:27+00:00\",\"description\":\"Atracciones, espect\u00e1culos culturales y tradici\u00f3n cafetera en uno de los parques tem\u00e1ticos m\u00e1s importantes de Colombia.\",\"breadcrumb\":{\"@id\":\"https:\\\/\\\/lagranjaecohotel.creativo1.xyz\\\/parque-del-cafe\\\/#breadcrumb\"},\"inLanguage\":\"en-US\",\"potentialAction\":[{\"@type\":\"ReadAction\",\"target\":[\"https:\\\/\\\/lagranjaecohotel.creativo1.xyz\\\/parque-del-cafe\\\/\"]}]},{\"@type\":\"ImageObject\",\"inLanguage\":\"en-US\",\"@id\":\"https:\\\/\\\/lagranjaecohotel.creativo1.xyz\\\/parque-del-cafe\\\/#primaryimage\",\"url\":\"https:\\\/\\\/lagranjaecohotel.creativo1.xyz\\\/wp-content\\\/uploads\\\/2026\\\/07\\\/parquedelcafe-19.jpg\",\"contentUrl\":\"https:\\\/\\\/lagranjaecohotel.creativo1.xyz\\\/wp-content\\\/uploads\\\/2026\\\/07\\\/parquedelcafe-19.jpg\"},{\"@type\":\"BreadcrumbList\",\"@id\":\"https:\\\/\\\/lagranjaecohotel.creativo1.xyz\\\/parque-del-cafe\\\/#breadcrumb\",\"itemListElement\":[{\"@type\":\"ListItem\",\"position\":1,\"name\":\"Portada\",\"item\":\"https:\\\/\\\/lagranjaecohotel.creativo1.xyz\\\/\"},{\"@type\":\"ListItem\",\"position\":2,\"name\":\"Parque del Caf\u00e9\"}]},{\"@type\":\"WebSite\",\"@id\":\"https:\\\/\\\/lagranjaecohotel.creativo1.xyz\\\/#website\",\"url\":\"https:\\\/\\\/lagranjaecohotel.creativo1.xyz\\\/\",\"name\":\"La Granja Ecohotel\",\"description\":\"\",\"publisher\":{\"@id\":\"https:\\\/\\\/lagranjaecohotel.creativo1.xyz\\\/#organization\"},\"potentialAction\":[{\"@type\":\"SearchAction\",\"target\":{\"@type\":\"EntryPoint\",\"urlTemplate\":\"https:\\\/\\\/lagranjaecohotel.creativo1.xyz\\\/?s={search_term_string}\"},\"query-input\":{\"@type\":\"PropertyValueSpecification\",\"valueRequired\":true,\"valueName\":\"search_term_string\"}}],\"inLanguage\":\"en-US\"},{\"@type\":\"Organization\",\"@id\":\"https:\\\/\\\/lagranjaecohotel.creativo1.xyz\\\/#organization\",\"name\":\"La Granja Ecohotel\",\"url\":\"https:\\\/\\\/lagranjaecohotel.creativo1.xyz\\\/\",\"logo\":{\"@type\":\"ImageObject\",\"inLanguage\":\"en-US\",\"@id\":\"https:\\\/\\\/lagranjaecohotel.creativo1.xyz\\\/#\\\/schema\\\/logo\\\/image\\\/\",\"url\":\"https:\\\/\\\/lagranjaecohotel.creativo1.xyz\\\/wp-content\\\/uploads\\\/2026\\\/05\\\/cropped-LOGO-BLANCO-LA-GRANJA-06-scaled-1.png\",\"contentUrl\":\"https:\\\/\\\/lagranjaecohotel.creativo1.xyz\\\/wp-content\\\/uploads\\\/2026\\\/05\\\/cropped-LOGO-BLANCO-LA-GRANJA-06-scaled-1.png\",\"width\":2559,\"height\":854,\"caption\":\"La Granja Ecohotel\"},\"image\":{\"@id\":\"https:\\\/\\\/lagranjaecohotel.creativo1.xyz\\\/#\\\/schema\\\/logo\\\/image\\\/\"},\"sameAs\":[\"https:\\\/\\\/www.facebook.com\\\/profile.php?id=61574505136323\",\"https:\\\/\\\/www.instagram.com\\\/lagranjaecohotel?igsh=Y243eXVoZzN4Z2lt&igsi=Y243eXVoZzN4Z2lt\",\"https:\\\/\\\/www.tiktok.com\\\/@lagranjaecohotel?_r=1&_t=ZS-97qDLgchHDZ\"]}]}<\/script>\n<!-- \/ Yoast SEO plugin. -->","yoast_head_json":{"title":"Parque del Caf\u00e9 - La Granja Ecohotel","description":"Atracciones, espect\u00e1culos culturales y tradici\u00f3n cafetera en uno de los parques tem\u00e1ticos m\u00e1s importantes de Colombia.","robots":{"index":"index","follow":"follow","max-snippet":"max-snippet:-1","max-image-preview":"max-image-preview:large","max-video-preview":"max-video-preview:-1"},"canonical":"https:\/\/lagranjaecohotel.creativo1.xyz\/en\/parque-del-cafe\/","og_locale":"en_US","og_type":"article","og_title":"Parque del Caf\u00e9 - La Granja Ecohotel","og_description":"Atracciones, espect\u00e1culos culturales y tradici\u00f3n cafetera en uno de los parques tem\u00e1ticos m\u00e1s importantes de Colombia.","og_url":"https:\/\/lagranjaecohotel.creativo1.xyz\/en\/parque-del-cafe\/","og_site_name":"La Granja Ecohotel","article_publisher":"https:\/\/www.facebook.com\/profile.php?id=61574505136323","article_modified_time":"2026-08-22T15:51:27+00:00","og_image":[{"width":731,"height":885,"url":"https:\/\/lagranjaecohotel.creativo1.xyz\/wp-content\/uploads\/2026\/07\/parquedelcafe-19.jpg","type":"image\/jpeg"}],"twitter_card":"summary_large_image","twitter_misc":{"Est. reading time":"3 minutes"},"schema":{"@context":"https:\/\/schema.org","@graph":[{"@type":"WebPage","@id":"https:\/\/lagranjaecohotel.creativo1.xyz\/parque-del-cafe\/","url":"https:\/\/lagranjaecohotel.creativo1.xyz\/parque-del-cafe\/","name":"Parque del Caf\u00e9 - La Granja Ecohotel","isPartOf":{"@id":"https:\/\/lagranjaecohotel.creativo1.xyz\/#website"},"primaryImageOfPage":{"@id":"https:\/\/lagranjaecohotel.creativo1.xyz\/parque-del-cafe\/#primaryimage"},"image":{"@id":"https:\/\/lagranjaecohotel.creativo1.xyz\/parque-del-cafe\/#primaryimage"},"thumbnailUrl":"https:\/\/lagranjaecohotel.creativo1.xyz\/wp-content\/uploads\/2026\/07\/parquedelcafe-19.jpg","datePublished":"2026-07-17T20:28:11+00:00","dateModified":"2026-08-22T15:51:27+00:00","description":"Atracciones, espect\u00e1culos culturales y tradici\u00f3n cafetera en uno de los parques tem\u00e1ticos m\u00e1s importantes de Colombia.","breadcrumb":{"@id":"https:\/\/lagranjaecohotel.creativo1.xyz\/parque-del-cafe\/#breadcrumb"},"inLanguage":"en-US","potentialAction":[{"@type":"ReadAction","target":["https:\/\/lagranjaecohotel.creativo1.xyz\/parque-del-cafe\/"]}]},{"@type":"ImageObject","inLanguage":"en-US","@id":"https:\/\/lagranjaecohotel.creativo1.xyz\/parque-del-cafe\/#primaryimage","url":"https:\/\/lagranjaecohotel.creativo1.xyz\/wp-content\/uploads\/2026\/07\/parquedelcafe-19.jpg","contentUrl":"https:\/\/lagranjaecohotel.creativo1.xyz\/wp-content\/uploads\/2026\/07\/parquedelcafe-19.jpg"},{"@type":"BreadcrumbList","@id":"https:\/\/lagranjaecohotel.creativo1.xyz\/parque-del-cafe\/#breadcrumb","itemListElement":[{"@type":"ListItem","position":1,"name":"Portada","item":"https:\/\/lagranjaecohotel.creativo1.xyz\/"},{"@type":"ListItem","position":2,"name":"Parque del Caf\u00e9"}]},{"@type":"WebSite","@id":"https:\/\/lagranjaecohotel.creativo1.xyz\/#website","url":"https:\/\/lagranjaecohotel.creativo1.xyz\/","name":"La Granja Ecohotel","description":"","publisher":{"@id":"https:\/\/lagranjaecohotel.creativo1.xyz\/#organization"},"potentialAction":[{"@type":"SearchAction","target":{"@type":"EntryPoint","urlTemplate":"https:\/\/lagranjaecohotel.creativo1.xyz\/?s={search_term_string}"},"query-input":{"@type":"PropertyValueSpecification","valueRequired":true,"valueName":"search_term_string"}}],"inLanguage":"en-US"},{"@type":"Organization","@id":"https:\/\/lagranjaecohotel.creativo1.xyz\/#organization","name":"La Granja Ecohotel","url":"https:\/\/lagranjaecohotel.creativo1.xyz\/","logo":{"@type":"ImageObject","inLanguage":"en-US","@id":"https:\/\/lagranjaecohotel.creativo1.xyz\/#\/schema\/logo\/image\/","url":"https:\/\/lagranjaecohotel.creativo1.xyz\/wp-content\/uploads\/2026\/05\/cropped-LOGO-BLANCO-LA-GRANJA-06-scaled-1.png","contentUrl":"https:\/\/lagranjaecohotel.creativo1.xyz\/wp-content\/uploads\/2026\/05\/cropped-LOGO-BLANCO-LA-GRANJA-06-scaled-1.png","width":2559,"height":854,"caption":"La Granja Ecohotel"},"image":{"@id":"https:\/\/lagranjaecohotel.creativo1.xyz\/#\/schema\/logo\/image\/"},"sameAs":["https:\/\/www.facebook.com\/profile.php?id=61574505136323","https:\/\/www.instagram.com\/lagranjaecohotel?igsh=Y243eXVoZzN4Z2lt&igsi=Y243eXVoZzN4Z2lt","https:\/\/www.tiktok.com\/@lagranjaecohotel?_r=1&_t=ZS-97qDLgchHDZ"]}]}},"_hostinger_reach_plugin_has_subscription_block":false,"_hostinger_reach_plugin_is_elementor":false,"_links":{"self":[{"href":"https:\/\/lagranjaecohotel.creativo1.xyz\/en\/wp-json\/wp\/v2\/pages\/1732","targetHints":{"allow":["GET"]}}],"collection":[{"href":"https:\/\/lagranjaecohotel.creativo1.xyz\/en\/wp-json\/wp\/v2\/pages"}],"about":[{"href":"https:\/\/lagranjaecohotel.creativo1.xyz\/en\/wp-json\/wp\/v2\/types\/page"}],"author":[{"embeddable":true,"href":"https:\/\/lagranjaecohotel.creativo1.xyz\/en\/wp-json\/wp\/v2\/users\/1"}],"replies":[{"embeddable":true,"href":"https:\/\/lagranjaecohotel.creativo1.xyz\/en\/wp-json\/wp\/v2\/comments?post=1732"}],"version-history":[{"count":13,"href":"https:\/\/lagranjaecohotel.creativo1.xyz\/en\/wp-json\/wp\/v2\/pages\/1732\/revisions"}],"predecessor-version":[{"id":2402,"href":"https:\/\/lagranjaecohotel.creativo1.xyz\/en\/wp-json\/wp\/v2\/pages\/1732\/revisions\/2402"}],"wp:attachment":[{"href":"https:\/\/lagranjaecohotel.creativo1.xyz\/en\/wp-json\/wp\/v2\/media?parent=1732"}],"curies":[{"name":"wp","href":"https:\/\/api.w.org\/{rel}","templated":true}]}}